{"id":3896,"date":"2025-02-12T20:01:18","date_gmt":"2025-02-12T23:01:18","guid":{"rendered":"https:\/\/www.ligascamponesas.org.br\/acervo\/?page_id=3896"},"modified":"2025-07-30T14:36:46","modified_gmt":"2025-07-30T17:36:46","slug":"home","status":"publish","type":"page","link":"https:\/\/www.ligascamponesas.org.br\/acervo\/","title":{"rendered":"Home"},"content":{"rendered":"\t\t<div data-elementor-type=\"wp-page\" data-elementor-id=\"3896\" class=\"elementor elementor-3896\">\n\t\t\t\t<div class=\"elementor-element elementor-element-329a659 e-con-full e-flex e-con e-parent\" data-id=\"329a659\" data-element_type=\"container\" data-e-type=\"container\" data-settings=\"{&quot;background_background&quot;:&quot;classic&quot;}\">\n\t\t\t\t<div class=\"elementor-element elementor-element-5639a21 elementor-widget__width-auto elementor-widget elementor-widget-heading\" data-id=\"5639a21\" data-element_type=\"widget\" data-e-type=\"widget\" data-widget_type=\"heading.default\">\n\t\t\t\t<div class=\"elementor-widget-container\">\n\t\t\t\t\t<h1 class=\"elementor-heading-title elementor-size-default\">ACERVO DIGITAL MLLC<\/h1>\t\t\t\t<\/div>\n\t\t\t\t<\/div>\n\t\t\t\t<\/div>\n\t\t<div class=\"elementor-element elementor-element-15f3552 e-flex e-con-boxed e-con e-parent\" data-id=\"15f3552\" data-element_type=\"container\" data-e-type=\"container\">\n\t\t\t\t\t<div class=\"e-con-inner\">\n\t\t\t\t<div class=\"elementor-element elementor-element-1343d9e elementor-widget elementor-widget-text-editor\" data-id=\"1343d9e\" data-element_type=\"widget\" data-e-type=\"widget\" data-widget_type=\"text-editor.default\">\n\t\t\t\t<div class=\"elementor-widget-container\">\n\t\t\t\t\t\t\t\t\t<p>Mem\u00f3ria e Documenta\u00e7\u00e3o das Ligas e Lutas Camponesas<\/p>\t\t\t\t\t\t\t\t<\/div>\n\t\t\t\t<\/div>\n\t\t<div class=\"elementor-element elementor-element-38bfa33 e-con-full e-flex e-con e-child\" data-id=\"38bfa33\" data-element_type=\"container\" data-e-type=\"container\">\n\t\t<div class=\"elementor-element elementor-element-2eb22bd e-grid e-con-full e-con e-child\" data-id=\"2eb22bd\" data-element_type=\"container\" data-e-type=\"container\">\n\t\t\t\t<div class=\"elementor-element elementor-element-0999896 elementor-hidden-mobile elementor-widget elementor-widget-spacer\" data-id=\"0999896\" data-element_type=\"widget\" data-e-type=\"widget\" data-widget_type=\"spacer.default\">\n\t\t\t\t<div class=\"elementor-widget-container\">\n\t\t\t\t\t\t\t<div class=\"elementor-spacer\">\n\t\t\t<div class=\"elementor-spacer-inner\"><\/div>\n\t\t<\/div>\n\t\t\t\t\t\t<\/div>\n\t\t\t\t<\/div>\n\t\t\t\t<div class=\"elementor-element elementor-element-892e8a8 elementor-align-center elementor-widget elementor-widget-button\" data-id=\"892e8a8\" data-element_type=\"widget\" data-e-type=\"widget\" data-widget_type=\"button.default\">\n\t\t\t\t<div class=\"elementor-widget-container\">\n\t\t\t\t\t\t\t\t\t<div class=\"elementor-button-wrapper\">\n\t\t\t\t\t<a class=\"elementor-button elementor-button-link elementor-size-sm\" href=\"https:\/\/www.ligascamponesas.org.br\/acervo\/acervo-mllc\/?perpage=18&#038;view_mode=records&#038;order=ASC&#038;orderby=date&#038;fetch_only_meta=16%2C531%2C527%2C18&#038;paged=1&#038;fetch_only=thumbnail\">\n\t\t\t\t\t\t<span class=\"elementor-button-content-wrapper\">\n\t\t\t\t\t\t\t\t\t<span class=\"elementor-button-text\">ACERVO POR COLE\u00c7\u00d5ES<\/span>\n\t\t\t\t\t<\/span>\n\t\t\t\t\t<\/a>\n\t\t\t\t<\/div>\n\t\t\t\t\t\t\t\t<\/div>\n\t\t\t\t<\/div>\n\t\t\t\t<div class=\"elementor-element elementor-element-59859c1 elementor-align-center elementor-widget elementor-widget-button\" data-id=\"59859c1\" data-element_type=\"widget\" data-e-type=\"widget\" data-widget_type=\"button.default\">\n\t\t\t\t<div class=\"elementor-widget-container\">\n\t\t\t\t\t\t\t\t\t<div class=\"elementor-button-wrapper\">\n\t\t\t\t\t<a class=\"elementor-button elementor-button-link elementor-size-sm\" href=\"https:\/\/drive.google.com\/drive\/folders\/1iwMN7nlLHGwjdHxiVGFUft_hIGjBEDjc\" target=\"_blank\">\n\t\t\t\t\t\t<span class=\"elementor-button-content-wrapper\">\n\t\t\t\t\t\t\t\t\t<span class=\"elementor-button-text\">ACERVO POR PASTAS<\/span>\n\t\t\t\t\t<\/span>\n\t\t\t\t\t<\/a>\n\t\t\t\t<\/div>\n\t\t\t\t\t\t\t\t<\/div>\n\t\t\t\t<\/div>\n\t\t\t\t<\/div>\n\t\t\t\t<\/div>\n\t\t<div class=\"elementor-element elementor-element-04e6306 e-con-full e-flex e-con e-child\" data-id=\"04e6306\" data-element_type=\"container\" data-e-type=\"container\">\n\t\t\t\t<\/div>\n\t\t\t\t<div class=\"elementor-element elementor-element-d3be9e7 elementor-widget elementor-widget-spacer\" data-id=\"d3be9e7\" data-element_type=\"widget\" data-e-type=\"widget\" data-widget_type=\"spacer.default\">\n\t\t\t\t<div class=\"elementor-widget-container\">\n\t\t\t\t\t\t\t<div class=\"elementor-spacer\">\n\t\t\t<div class=\"elementor-spacer-inner\"><\/div>\n\t\t<\/div>\n\t\t\t\t\t\t<\/div>\n\t\t\t\t<\/div>\n\t\t\t\t\t<\/div>\n\t\t\t\t<\/div>\n\t\t<div class=\"elementor-element elementor-element-5af70a3 e-con-full e-flex e-con e-parent\" data-id=\"5af70a3\" data-element_type=\"container\" data-e-type=\"container\">\n\t\t\t\t<div class=\"elementor-element elementor-element-aca1d2e elementor-widget elementor-widget-heading\" data-id=\"aca1d2e\" data-element_type=\"widget\" data-e-type=\"widget\" data-widget_type=\"heading.default\">\n\t\t\t\t<div class=\"elementor-widget-container\">\n\t\t\t\t\t<h2 class=\"elementor-heading-title elementor-size-default\">APRESENTA\u00c7\u00c3O <\/h2>\t\t\t\t<\/div>\n\t\t\t\t<\/div>\n\t\t\t\t<div class=\"elementor-element elementor-element-f0197b8 elementor-widget elementor-widget-testimonial\" data-id=\"f0197b8\" data-element_type=\"widget\" data-e-type=\"widget\" data-widget_type=\"testimonial.default\">\n\t\t\t\t<div class=\"elementor-widget-container\">\n\t\t\t\t\t\t\t<div class=\"elementor-testimonial-wrapper\">\n\t\t\t\t\t\t\t<div class=\"elementor-testimonial-content\">O passado reconstru\u00eddo n\u00e3o \u00e9 ref\u00fagio, mas uma fonte, um manancial de raz\u00f5es para lutar.<\/div>\n\t\t\t\n\t\t\t\t\t\t<div class=\"elementor-testimonial-meta\">\n\t\t\t\t<div class=\"elementor-testimonial-meta-inner\">\n\t\t\t\t\t\n\t\t\t\t\t\t\t\t\t\t<div class=\"elementor-testimonial-details\">\n\t\t\t\t\t\t\t\t\t\t\t\t\t\t<div class=\"elementor-testimonial-name\">Ecl\u00e9ia Bosi<\/div>\n\t\t\t\t\t\t\t\t\t\t\t\t\t\t\t\t\t\t\t<\/div>\n\t\t\t\t\t\t\t\t\t<\/div>\n\t\t\t<\/div>\n\t\t\t\t\t<\/div>\n\t\t\t\t\t\t<\/div>\n\t\t\t\t<\/div>\n\t\t\t\t<div class=\"elementor-element elementor-element-67202c3 elementor-widget elementor-widget-text-editor\" data-id=\"67202c3\" data-element_type=\"widget\" data-e-type=\"widget\" data-widget_type=\"text-editor.default\">\n\t\t\t\t<div class=\"elementor-widget-container\">\n\t\t\t\t\t\t\t\t\t<p>A ideia de cria\u00e7\u00e3o do Acervo Digital \u201cMem\u00f3ria e Documenta\u00e7\u00e3o das Ligas e Lutas Camponesas\u201d surgiu quando, em uma das nossas idas \u00e0 sede da Comiss\u00e3o Pastoral da Terra (CPT) em Jo\u00e3o Pessoa, identificamos a exist\u00eancia de um acervo f\u00edsico de documentos e not\u00edcias de jornais, relativo \u00e0 sua a\u00e7\u00e3o e \u00e0 quest\u00e3o da terra no estado da Para\u00edba, organizados em escarcelas de cartolina e de pl\u00e1stico. Pensamos que, se pud\u00e9ssemos transformar aquele material em um acervo digital, possivelmente garantir\u00edamos n\u00e3o s\u00f3 sua conserva\u00e7\u00e3o, mas, sobretudo, a preserva\u00e7\u00e3o da mem\u00f3ria da quest\u00e3o agr\u00e1ria paraibana a\u00ed inserida a a\u00e7\u00e3o da CPT e dos sujeitos e atores sociais dela part\u00edcipes.<\/p><p>Organizar documentos, not\u00edcias de jornais, v\u00eddeos, filmes, mapas e fotografias sobre as Ligas Camponesas da Para\u00edba e as lutas por terra, \u00e1gua e direitos dos trabalhadores rurais que lhes deram continuidade e disponibiliz\u00e1-los \u00e0 sociedade \u00e9 dar voz a mem\u00f3rias silenciadas pela repress\u00e3o e pela hist\u00f3ria oficial, aos que morreram lutando por um peda\u00e7o de ch\u00e3o. Tamb\u00e9m \u00e9 lutar contra o esquecimento daqueles que, como Elizabeth Teixeira e um grande n\u00famero de homens e mulheres, enfrentaram o latif\u00fandio, sobreviveram \u00e0 ditadura, \u00e0 viol\u00eancia dos aparelhos repressores do Estado (mil\u00edcia e justi\u00e7a), dos propriet\u00e1rios de terra e de seus jagun\u00e7os. \u00c9 reviver n\u00e3o s\u00f3 a hist\u00f3ria dos mortos e desaparecidos, mas tamb\u00e9m a hist\u00f3ria dos vitoriosos: dos que lutaram e conquistaram seu peda\u00e7o de ch\u00e3o, daqueles e daquelas que, como Elizabeth, dedicaram suas vidas \u00e0 luta pela dignidade do homem do campo, motivo maior da luta em prol da reforma agr\u00e1ria. \u00c9 contribuir para a divulga\u00e7\u00e3o das lutas de ontem, mas tamb\u00e9m das lutas de hoje. \u00c9 destacar o papel da CPT, de suas coordena\u00e7\u00f5es, de seus agentes pastorais laicos e religiosos. \u00c9 evidenciar a import\u00e2ncia dos movimentos sociais que lidam com a quest\u00e3o agr\u00e1ria como o Movimento dos Trabalhadores Sem Terra (MST), o Movimento dos Atingidos por Barragens (MAB) e o movimento sindical entre outros. \u00c9 trazer \u00e0 tona o papel do Estado atrav\u00e9s das a\u00e7\u00f5es do Instituto Nacional de Reforma Agr\u00e1ria (INCRA), do Instituto de Terras da Para\u00edba (Interpa, antiga Fundap) e dos governos estaduais e municipais. Finalmente \u00e9 apresentar a face da justi\u00e7a expressa, de um lado pelo comprometimento de agentes do direito com os desmandos dos poderosos e, de outro lado, atrav\u00e9s das a\u00e7\u00f5es de ju\u00edzes e advogados populares na luta pela n\u00e3o criminaliza\u00e7\u00e3o dos trabalhadores, de suas lideran\u00e7as, de agentes pastorais, isto \u00e9, a luta pela defesa intransigente do direito \u00e0 vida dos trabalhadores rurais que lutam por um peda\u00e7o de ch\u00e3o e por justi\u00e7a social.<\/p><p>A constru\u00e7\u00e3o do \u201cAcervo Digital das Ligas e Lutas Camponesas\u201d transformou-se em nosso sonho de final de vida. Inicialmente, era um sonho individual. Por\u00e9m, desde o momento em que o apresentei \u00e0 CPT e tive um projeto aprovado pelo CNPq<a href=\"#_ftn1\" name=\"_ftnref1\">[1]<\/a> que inclu\u00eda sua realiza\u00e7\u00e3o, ele se tornou um sonho coletivo. Esse sonho teve in\u00edcio quando uma primeira pessoa veio at\u00e9 n\u00f3s dizendo que desejava partilhar dele: minha querida Irm\u00e3 Marlene<a href=\"#_ftn2\" name=\"_ftnref2\">[2]<\/a>. Foi ela quem nos apoiou desde o primeiro momento e, com seu entusiasmo, nos impulsionou a conduzir os trabalhos antes mesmo da aprova\u00e7\u00e3o da CPT. Dizia ela: \u201cVamos trabalhar com o que conseguirmos reunir de material at\u00e9 termos acesso aos documentos da CPT\u201d. \u201cVamos garimpar documentos em papel e em v\u00eddeo\u201d.<\/p><p>Ela trouxe consigo algumas pessoas extraordin\u00e1rias que tamb\u00e9m embarcaram naquele sonho: Maria do Socorro Borges (membro da CPT), algu\u00e9m de um conhecimento, de uma experi\u00eancia militante e de uma sensibilidade enormes. Al\u00e9m de companheira de trabalho e de luta ela se tornou uma grande amiga-irm\u00e3, conselheira com quem contamos cada vez que necessitamos de um parecer maduro e consequente. Gratid\u00e3o querida amiga e companheira de v\u00e1rias batalhas, sempre a guardarei no cora\u00e7\u00e3o; B\u00e1rbara Zen (membro do MLLC), que al\u00e9m do trabalho de pensar e ajudar a construir o acervo, partilhou conosco, durante um ano, as iniciativas de organiza\u00e7\u00e3o f\u00edsica do setor onde pensamos em alocar os equipamentos e a sala de consulta do Acervo no Centro de Educa\u00e7\u00e3o Popular e Agroecologia do MLLC. Essa foi outra mulher que conhecemos ao longo desse Projeto e por quem desenvolvemos respeito e admira\u00e7\u00e3o. Obrigada pela valiosa ajuda amiga. Somou-se a essas tr\u00eas mulheres, Weverton Elias Santos Rodrigues, \u00e0 \u00e9poca estudante do curso de gradua\u00e7\u00e3o em Hist\u00f3ria do Pronera\/UFPB e membro do MLLC, hoje pesquisador\/historiador do MLLC. Sua tranquilidade, seu jeito am\u00e1vel, s\u00e9rio e competente nos conquistaram. Finalmente, para compor esse grupo contamos com nossa orientanda de Inicia\u00e7\u00e3o Cient\u00edfica da UFPB, Tha\u00eds Peregrino do Esp\u00edrito Santo Guedes, sempre presente nas nossas boas recorda\u00e7\u00f5es. O entusiasmo de Irm\u00e3 Marlene envolvia a todos.<\/p><p>A proposta de buscar outras fontes levou-nos ao encontro de duas mil fitas VHS sobre a luta camponesa na Para\u00edba pertencentes ao Centro de Documenta\u00e7\u00e3o Popular da Arquidiocese da Para\u00edba (CEDOP) criado por Dom Jos\u00e9 Maria Pires no final dos anos 1970 e in\u00edcio dos anos 1980. Com a aposentadoria de Dom Jos\u00e9 e a morte de Dom Marcelo Carvalheira, o bispo substituto fechou o CEDOP e todo esse material foi abandonado tendo sido localizado na sede do Sindicato dos Trabalhadores da Constru\u00e7\u00e3o Civil de Jo\u00e3o Pessoa, o SINTRICON, exposto \u00e0s intemp\u00e9ries. Junto \u00e0s fitas foi encontrada uma ilha de edi\u00e7\u00e3o que foi poss\u00edvel reparar. Irm\u00e3 Marlene e Socorro Borges fizeram contato com um dos cinegrafistas que participou dessas filmagens, Louren\u00e7o Farias\u00a0Molla. Ele aceitou recuperar um a um esses v\u00eddeos transformando-os em DVDs e gravando-os em um HD externo. Resultou desse trabalho um conjunto de 100 DVDs que est\u00e3o sendo convertidos em arquivos digitais para serem brevemente inseridos no acervo. \u00a0As duas companheiras de equipe tamb\u00e9m localizaram 17 fitas de filme Betacam da mesma \u00e9poca. Infelizmente, at\u00e9 agora n\u00e3o conseguimos uma m\u00e1quina VT Betacam SP UVW 1400 ou UVW 1800 para transform\u00e1-los em arquivos digitais e incorpor\u00e1-los ao Acervo. Esperamos conseguir esse equipamento para disponibilizar essa rel\u00edquia \u00e0 popula\u00e7\u00e3o.<\/p><p>A equipe assumiu o trabalho inicial de pensar o desenvolvimento do projeto e de levar adiante uma das fases mais dif\u00edceis:\u00a0 transportar tanto as fitas VHS quanto o material posteriormente cedido pela CPT e por Frei Anast\u00e1cio, transport\u00e1-lo e reuni-lo. O transporte foi exaustivo pois consistia em empacotar, carregar caixas muito pesadas para o carro e para o local onde foram guardados. Mais uma vez contamos com Irm\u00e3 Marlene \u00e0 frente dessa atividade em conjunto com a equipe. Apesar da idade avan\u00e7ada ela n\u00e3o se furtou em nenhum momento de assumir essa tarefa e ainda dirigir seu carro para lev\u00e1-la a efeito.<\/p><p>Outra atividade incorporada ao projeto foi a realiza\u00e7\u00e3o de entrevistas com antigos militantes e agentes pastorais para escutar um pouco da sua participa\u00e7\u00e3o sobre a luta por terra no estado. Foram entrevistados dois representantes da Grande Alagamar: \u00a0os senhores Jos\u00e9 Antonio da Silva e Jos\u00e9 Neto. Destacamos aqui Jos\u00e9 Antonio da Silva, mais conhecido como Seu Zuza, cuja hist\u00f3ria de luta remonta \u00e0 Comiss\u00e3o de Promo\u00e7\u00e3o Humana criada por Dom Jos\u00e9 Maria Pires em 1973, onde iniciou sua milit\u00e2ncia ao lado do Padre Jo\u00e3o Maria Cauchi. Participou da assembleia de funda\u00e7\u00e3o da CPT Nordeste II em 1988, foi membro da coordena\u00e7\u00e3o diocesana da CPT e atuou na equipe de Jo\u00e3o Pessoa at\u00e9 2010, tendo vivenciado um dos per\u00edodos mais dif\u00edceis das lutas pela terra na Para\u00edba. Foi membro da Associa\u00e7\u00e3o dos Trabalhadores e das Trabalhadoras Rurais do Assentamento Urna onde era assentado. Atuou no movimento sindical e faleceu em 2021, pouco tempo depois de ter-nos concedido a entrevista, quando exercia a presid\u00eancia do Sindicato dos Trabalhadores e das Trabalhadoras Rurais de Itabaiana. As entrevistas de Alagamar foram efetuadas por Socorro Borges, irm\u00e3 Marlene e B\u00e1rbara Zen. Quem as acompanhou at\u00e9 o local foi o Sr. Manoel Justino, antigo membro da CPT e um dos camponeses que participou da luta pela terra de Alagamar. A ele nosso agradecimento.<\/p><p>Entrevistas foram efetuadas tamb\u00e9m com Socorro Barbosa que desenvolveu um bel\u00edssimo trabalho como animadora na Pastoral Rural e na CPT; Absal\u00e3o Francisco Montenegro, Zilma de Almeida Feitosa e Miriam Farias, importantes lideran\u00e7as do MST; Maria Salete Hor\u00e1cio da Silva, que participou da Pastoral Rural e do Grupo de Promo\u00e7\u00e3o Humana da Arquidiocese da Para\u00edba; Frei Hermano, Padre Jo\u00e3o Maria Cauchi e Irm\u00e3 Albertina Ferreira da Costa que tiveram uma participa\u00e7\u00e3o important\u00edssima no acompanhamento dos conflitos de terra no Litoral e no Agreste paraibanos. Ainda em andamento est\u00e1 a entrevista que estamos realizando \u00e0 dist\u00e2ncia com irm\u00e3 Tonny Vhan Ham, uma das pioneiras no apoio \u00e0 luta pela terra na Zona da Mata paraibana. Todas essas entrevistas foram efetuadas por Irm\u00e3 Marlene e Maria do Socorro Borges e contou com a nossa colabora\u00e7\u00e3o e a de Giuseppina Rosaria Grazia a quem agradecemos o trabalho e a dedica\u00e7\u00e3o. O professor Marco Antonio Mitidiero do curso de Geografia da UFPB, tamb\u00e9m colaborou com o projeto repassando a entrevista que ele fez com Irm\u00e3 Tania Maria da Silva, coordenadora da CPT, para sua tese. Tamb\u00e9m transcrevemos do Jornal do Povo e digitalizamos uma entrevista com Dom Jos\u00e9 Maria Pires.<\/p><p>No final de 2018, conseguimos a autoriza\u00e7\u00e3o da CPT para a utiliza\u00e7\u00e3o de seu acervo f\u00edsico. Agradecemos de cora\u00e7\u00e3o \u00e0 Irm\u00e3 Tania Maria e \u00e0 toda a equipe da CPT Zonal Litoral, V\u00e1rzea e Agreste, pela confian\u00e7a em n\u00f3s depositada. Esse acervo s\u00f3 existe\u00a0 \u00a0gra\u00e7as a vossa generosidade e cren\u00e7a no nosso compromisso pol\u00edtico e social.<\/p><p>A partir de ent\u00e3o teve in\u00edcio o trabalho de organiza\u00e7\u00e3o e digitaliza\u00e7\u00e3o dos documentos e not\u00edcias de jornais aos quais se somaram mais de 800 fotografias que registram ocupa\u00e7\u00f5es de terra na Para\u00edba, cobrem assentamentos localizados na Zona da Mata e no Agreste, feiras agroecol\u00f3gicas, trabalhadores mortos na luta pela terra, comemora\u00e7\u00f5es, encontro de jovens assentados, encontro de mulheres assentadas, romarias, quest\u00f5es policiais e judiciais entre outros. Todas essas fotos foram digitalizadas e inseridas no acervo. Elas fazem parte de cinco \u00e1lbuns pertencentes \u00e0 Irm\u00e3 Albertina Ferreira da Costa. \u00c0 Irm\u00e3 Albertina, nossa gratid\u00e3o pelo empr\u00e9stimo de t\u00e3o rico material e pela confian\u00e7a.<\/p><p>Outro material de riqueza inestim\u00e1vel s\u00e3o cerca de cinco mil c\u00f3pias dos originais do processo judicial de Margarida Maria Alves que foi utilizado como fonte da tese \u201cTerra que brota Margaridas e encerra vidas: judicializa\u00e7\u00e3o da quest\u00e3o agr\u00e1ria e viol\u00eancia no campo paraibano\u201d de Louanna Louyse Martins Rodrigues e que foi gentilmente cedido para o acervo. A voc\u00ea Louanna nosso agradecimento.<\/p><p>No processo inicial de digitaliza\u00e7\u00e3o dos documentos contamos com mais uma mulher inteligente e dedicada que nos deu todo o suporte: Ana Laurentis, participante do Grupo de Estudo sobre Trabalho, Espa\u00e7o e Campesinato (GETEC\/CNPq\/UFPB) por n\u00f3s coordenado \u00e0 \u00e9poca.<\/p><p>\u00c9 importante destacar que pensando na manuten\u00e7\u00e3o e preserva\u00e7\u00e3o do acervo f\u00edsico da CPT e das fitas originais em VHS do CEDOP bem como em possibilitar sua acessibilidade a futuras gera\u00e7\u00f5es, foi realizado um termo de cess\u00e3o da CPT para o Arquivo da C\u00faria Metropolitana onde o material est\u00e1 depositado.\u00a0\u00a0\u00a0<\/p><p>O afastamento de B\u00e1rbara Zen para outras atividades fora do MLLC coincidiu com a chegada ao Projeto de Alana Maria Silva de Lima, membro da CPT e do MLLC, hoje, sua presidenta. Jovem camponesa, forte, inteligente e guerreira que viabilizou a realiza\u00e7\u00e3o da fase final do Projeto lutando junto \u00e0 Prefeitura de Sap\u00e9 pela libera\u00e7\u00e3o dos recursos, buscando pessoal t\u00e9cnico capaz de realizar essa etapa important\u00edssima que corresponde a da constru\u00e7\u00e3o do Acervo em plataforma digital. Sem ela e sua habilidade de lideran\u00e7a e articula\u00e7\u00e3o, com certeza n\u00f3s n\u00e3o ter\u00edamos conclu\u00eddo essa etapa do projeto. Gratid\u00e3o Alane e minha profunda admira\u00e7\u00e3o por sua capacidade de lideran\u00e7a e de trabalho. Ainda se juntaram ao projeto na atividade de digitaliza\u00e7\u00e3o, Gabriella Fernandes Coelho e Rafael Fernandes.<\/p><p>A pandemia da COVID-19 atingiu-nos na fase em que mais precis\u00e1vamos de amiudar as reuni\u00f5es presenciais da equipe. Mesmo assim foi poss\u00edvel dar continuidade ao trabalho de digitaliza\u00e7\u00e3o e de organiza\u00e7\u00e3o dos documentos digitalizados por tema. Essa fase foi desafiadora para n\u00f3s. Al\u00e9m do isolamento, compensado apenas pelas conversas via internet, chegara o momento de aglutinar os documentos em grandes temas e subtemas de forma a facilitar o trabalho final. Sem termos conhecimento da plataforma que seria utilizada fomos organizando o material segundo nossa intui\u00e7\u00e3o de pesquisadora. \u00c0 medida que l\u00edamos cada documento \u00edamos abrindo pastas e nominando-as. Surgiram as pastas de Conflitos, Assentamentos, Viol\u00eancia no Campo entre outras. Dentro dessas fomos criando subpastas que permitissem de forma did\u00e1tica uma compreens\u00e3o mais detalhada de cada tema.\u00a0<\/p><p>Finda a pandemia, j\u00e1 com grande parte dos documentos digitalizados e organizados por tem\u00e1tica, convidamos uma especialista em comunica\u00e7\u00e3o para assessorar a elabora\u00e7\u00e3o t\u00e9cnica do acervo: Kalyne Vieira.\u00a0 Foi-nos sugerido a utiliza\u00e7\u00e3o do reposit\u00f3rio digital baseado no sistema Tainacan, desenvolvido por pesquisadores brasileiros e utilizado em v\u00e1rios museus. Aprendemos que dever\u00edamos organizar os temas e subtemas no que na linguagem t\u00e9cnica se denomina de Cole\u00e7\u00f5es. Depois de muito pensar, chegamos a duas grande cole\u00e7\u00f5es: a) a que aglutina o material segundo o ano do documento e; b) a que re\u00fane o mesmo material por grandes temas. Ao todo temos cerca de seis mil arquivos j\u00e1 inseridos nas cole\u00e7\u00f5es. Kalyne foi respons\u00e1vel pela implementa\u00e7\u00e3o do sistema Tainacan. Muito agradecida, Kalyne, pelo seu lindo e competente trabalho t\u00e9cnico quanto pela revis\u00e3o t\u00e3o cuidadosa desse texto.<\/p><p>Nem tudo, por\u00e9m, est\u00e1 devidamente pronto at\u00e9 o lan\u00e7amento do Acervo uma vez que s\u00f3 conseguimos t\u00e9cnicos especializados para a transfer\u00eancia dos arquivos para a plataforma Tainacan em novembro de 2024. Isso porque, com o fim do financiamento do CNPq em 2020, ficamos quatro anos sem recursos. Apenas em 2023, fomos agraciados com uma emenda parlamentar de Frei Anast\u00e1cio Ribeiro. Ao nosso querido amigo e incentivador, nossa eterna gratid\u00e3o e nosso mais profundo respeito pelo trabalho que desenvolve em prol do povo do campo, desde a \u00e9poca da ditadura militar at\u00e9 hoje. Sem sua contribui\u00e7\u00e3o n\u00e3o estar\u00edamos lan\u00e7ando o Acervo nessa data, nem contar\u00edamos com uma equipe especializada para terminar o projeto at\u00e9 junho deste ano.<\/p><p>Os recursos da emenda parlamentar foram direcionados \u00e0 Prefeitura Municipal de Sap\u00e9 para serem repassado ao Memorial das Ligas e Lutas Camponesas (MLLC) a fim de apoiar a cria\u00e7\u00e3o do Acervo. O recurso come\u00e7ou a ser liberado em novembro de 2024. Foi quando o Memorial conseguiu engajar \u00e0 equipe bolsistas, pesquisadores e t\u00e9cnicos de apoio al\u00e9m de adquirir alguns equipamentos e materiais de custeio na tentativa de viabilizar um pr\u00e9-lan\u00e7amento em fevereiro de 2025, durante a comemora\u00e7\u00e3o dos cem anos de Elisabeth Teixeira. Nesse per\u00edodo nos foi entregue por irm\u00e3 Tania Maria, coordenadora da CPT, mais doze escarcelas de documentos que foram repassados ao grupo agora respons\u00e1vel pela digitaliza\u00e7\u00e3o e de transfer\u00eancia dos arquivos para o sistema Tainacan, bem como para profissionais respons\u00e1veis pela convers\u00e3o dos DVDs em arquivos digitais. Infelizmente n\u00e3o foi poss\u00edvel concluir essa etapa dos trabalhos a tempo do lan\u00e7amento do acervo. Entre os diversos bolsistas e t\u00e9cnicos envolvidos, est\u00e3o Arthur Campelo, Emanuelle Vit\u00f3ria da Silva, Emmanuel Carneiro Clemente, Francisco H\u00e9lio Silva Vieira, J\u00e9ssica Silva e Sayonnara S. Santos.<\/p><p>Finalmente, conseguimos chegar a este 14 de fevereiro de 2025, na semana de comemora\u00e7\u00e3o dos cem anos de Elizabeth Teixeira, s\u00edmbolo da resist\u00eancia e da luta pela terra na Para\u00edba e no Brasil, em condi\u00e7\u00f5es de lan\u00e7armos a primeira fase do Acervo.\u00a0 Esperamos que ele contribua para o fortalecimento das lutas do hoje pelo exemplo do ontem, que colabore com cursos de Educa\u00e7\u00e3o Popular, com pesquisas na \u00e1rea da quest\u00e3o agr\u00e1ria da Para\u00edba e com a forma\u00e7\u00e3o pol\u00edtica dos jovens do campo e da cidade.<\/p><p>Que o Acervo das Ligas e Lutas Camponesas seja uma das homenagens que a CPT e o MLLC, atrav\u00e9s de nossa pequena equipe de trabalho presta a Elizabeth. Que esse sonho transformado em realidade pelas m\u00e3os de um coletivo sonhador constitua uma chama capaz de ressignificar a mem\u00f3ria da luta camponesa na Para\u00edba estimulando e motivando n\u00e3o apenas sua continuidade, mas, sobretudo, a n\u00e3o deixar morrer a esperan\u00e7a de um dia partilharmos juntos a democracia da terra, o fim da pobreza e da mis\u00e9ria no campo, o surgimento de uma sociedade pautada na solidariedade, na generosidade do partilhar, do compartilhar onde o \u201ceu\u201d seja substitu\u00eddo pelo \u201cn\u00f3s\u201d e onde o amor e a uni\u00e3o substituam o \u00f3dio e a desigualdade.<\/p><p>Elizabeth, ontem voc\u00ea disse ao teu grande amor: \u2013 Pedro, eu marcharei na tua luta!\u00a0<\/p><p>Hoje somos n\u00f3s que te dizemos: \u2013 Elizabeth, n\u00f3s que acompanhamos tua promessa sendo cumprida prometemos continuar a tua luta tecendo ros\u00e1rios de flores para coroar teu sonho, um sonho que n\u00e3o foi nem nunca ser\u00e1 em v\u00e3o. Tua luta continua e continuar\u00e1 na mem\u00f3ria eternizada pelo Memorial das Ligas e Lutas Camponesas e por todos que sonham com justi\u00e7a social no campo.<\/p><p style=\"text-align: center;\">VIVA ELIZABETH! VIVA A REFORMA AGR\u00c1RIA!<\/p><p style=\"text-align: center;\"><u>Emilia de Rodat Fernandes Moreira<br \/><\/u><em>Autora do Projeto \u201cAcervo das Ligas e Lutas Camponesas&#8221;<\/em><\/p><p style=\"text-align: center;\"><em>\u00a0<br \/><\/em><em>Irm\u00e3 Marlene<br \/><\/em><em>Maria do Socorro Borges<br \/><\/em><em>B\u00e1rbara Zen<br \/><\/em><em>Thais Peregrino<br \/><\/em><em>Weverton Elias S. Rodrigues<br \/><\/em><em>Alane da Silva Lima<br \/><\/em><em>Ana Laurentis<br \/><\/em><em>Kalyne Vieira<br \/><\/em><em>Jos\u00e9 Louren\u00e7o Molla<br \/><\/em><em>J\u00e9ssica Silva<br \/><\/em><em>Arhtur Campelo<br \/><\/em><em>Emmanuel C. Clemente<br \/><\/em><em>Francisco H\u00e9lio Silva Vieira<br \/><\/em><em>Sayonnara S. Santos<br \/><\/em><em>Emanuelle Vit\u00f3ria da Silva<br \/><\/em><em>Gabriella F. Coelho<br \/><\/em><em>Rafael Fernandes<\/em><\/p><p><a href=\"#_ftnref1\" name=\"_ftn1\"><\/a><\/p>\t\t\t\t\t\t\t\t<\/div>\n\t\t\t\t<\/div>\n\t\t\t\t<div class=\"elementor-element elementor-element-5288688 elementor-widget elementor-widget-text-editor\" data-id=\"5288688\" data-element_type=\"widget\" data-e-type=\"widget\" data-widget_type=\"text-editor.default\">\n\t\t\t\t<div class=\"elementor-widget-container\">\n\t\t\t\t\t\t\t\t\t<p><a href=\"#_ftnref1\" name=\"_ftn1\">[1]<\/a> Trata-se do Projeto \u201cGeografia Agr\u00e1ria e Cartografia Hist\u00f3rica Cr\u00edtica: refazendo e representando o percurso das lutas sociais no campo paraibano atrav\u00e9s de um acervo digital das Ligas e Lutas Camponesas\u201d (CNPq &#8211; Processo N\u00ba 313238\/2017).<\/p><p><a href=\"#_ftnref2\" name=\"_ftn2\">[2]<\/a> Seu nome \u00e9 Helena W. S. Maria Buergers. Depois de entrar na sua congrega\u00e7\u00e3o transformou-se simplesmente em Irm\u00e3 Marlene. Ela veio para o Brasil muito jovem e desde que chegou \u00e0 Para\u00edba dedicou-se a apoiar a luta dos trabalhadores do campo por meio da Pastoral Rural e depois da CPT. Trata-se de uma mulher forte, corajosa e desprendida por quem nutrimos forte admira\u00e7\u00e3o e respeito. A ela nossa gratid\u00e3o e a gratid\u00e3o do povo do campo paraibano que ela tanto ajudou a obter terra para trabalhar e viver.<\/p>\t\t\t\t\t\t\t\t<\/div>\n\t\t\t\t<\/div>\n\t\t\t\t<\/div>\n\t\t\t\t<\/div>\n\t\t","protected":false},"excerpt":{"rendered":"<p>ACERVO DIGITAL MLLC Mem\u00f3ria e Documenta\u00e7\u00e3o das Ligas e Lutas Camponesas ACERVO POR COLE\u00c7\u00d5ES ACERVO POR PASTAS APRESENTA\u00c7\u00c3O O passado reconstru\u00eddo n\u00e3o \u00e9 ref\u00fagio, mas uma fonte, um manancial de raz\u00f5es para lutar. Ecl\u00e9ia Bosi A ideia de cria\u00e7\u00e3o do Acervo Digital \u201cMem\u00f3ria e Documenta\u00e7\u00e3o das Ligas e Lutas Camponesas\u201d surgiu quando, em uma das [&hellip;]<\/p>\n","protected":false},"author":1,"featured_media":0,"parent":0,"menu_order":0,"comment_status":"closed","ping_status":"closed","template":"elementor_header_footer","meta":{"footnotes":""},"class_list":["post-3896","page","type-page","status-publish","hentry"],"_links":{"self":[{"href":"https:\/\/www.ligascamponesas.org.br\/acervo\/wp-json\/wp\/v2\/pages\/3896","targetHints":{"allow":["GET"]}}],"collection":[{"href":"https:\/\/www.ligascamponesas.org.br\/acervo\/wp-json\/wp\/v2\/pages"}],"about":[{"href":"https:\/\/www.ligascamponesas.org.br\/acervo\/wp-json\/wp\/v2\/types\/page"}],"author":[{"embeddable":true,"href":"https:\/\/www.ligascamponesas.org.br\/acervo\/wp-json\/wp\/v2\/users\/1"}],"replies":[{"embeddable":true,"href":"https:\/\/www.ligascamponesas.org.br\/acervo\/wp-json\/wp\/v2\/comments?post=3896"}],"version-history":[{"count":83,"href":"https:\/\/www.ligascamponesas.org.br\/acervo\/wp-json\/wp\/v2\/pages\/3896\/revisions"}],"predecessor-version":[{"id":15938,"href":"https:\/\/www.ligascamponesas.org.br\/acervo\/wp-json\/wp\/v2\/pages\/3896\/revisions\/15938"}],"wp:attachment":[{"href":"https:\/\/www.ligascamponesas.org.br\/acervo\/wp-json\/wp\/v2\/media?parent=3896"}],"curies":[{"name":"wp","href":"https:\/\/api.w.org\/{rel}","templated":true}]}}